{"id":274,"date":"2024-11-18T08:56:50","date_gmt":"2024-11-18T08:56:50","guid":{"rendered":"https:\/\/www.neueenergieschweiz.ch\/startseite\/"},"modified":"2025-03-19T11:15:32","modified_gmt":"2025-03-19T11:15:32","slug":"startseite","status":"publish","type":"page","link":"https:\/\/www.neueenergieschweiz.ch\/de\/","title":{"rendered":"Startseite"},"content":{"rendered":"<div id=\"pl-274\"  class=\"panel-layout\" ><div id=\"pg-274-0\"  class=\"panel-grid panel-has-style\" ><div class=\"banner siteorigin-panels-stretch panel-row-style panel-row-style-for-274-0\" data-stretch-type=\"full\" ><div id=\"pgc-274-0-0\"  class=\"panel-grid-cell panel-grid-cell-mobile-last\" ><div id=\"panel-274-0-0-0\" class=\"so-panel widget widget_sow-headline panel-first-child\" data-index=\"0\" ><div class=\"remove-margin-bottom panel-widget-style panel-widget-style-for-274-0-0-0\" ><div\n\t\t\t\n\t\t\tclass=\"so-widget-sow-headline so-widget-sow-headline-default-962b565339c6-274\"\n\t\t\t\n\t\t><div class=\"sow-headline-container \">\n\t\t\t\t\t\t\t<p class=\"sow-headline\">\n\t\t\t\t\t\tNachhaltige Energiewende\t\t\t\t\t\t<\/p>\n\t\t\t\t\t\t<\/div>\n<\/div><\/div><\/div><div id=\"panel-274-0-0-1\" class=\"so-panel widget widget_sow-headline\" data-index=\"1\" ><div\n\t\t\t\n\t\t\tclass=\"so-widget-sow-headline so-widget-sow-headline-default-38567e7af766-274\"\n\t\t\t\n\t\t><div class=\"sow-headline-container \">\n\t\t\t\t\t\t\t<h1 class=\"sow-headline\">\n\t\t\t\t\t\tL\u00f6sungen f\u00fcr eine verantwortungsvolle Energiezukunft\t\t\t\t\t\t<\/h1>\n\t\t\t\t\t\t<\/div>\n<\/div><\/div><div id=\"panel-274-0-0-2\" class=\"so-panel widget widget_text panel-last-child\" data-index=\"2\" ><div class=\"panel-widget-style panel-widget-style-for-274-0-0-2\" >\t\t\t<div class=\"textwidget\"><p>Die Energiewende beruht auf der Einf\u00fchrung erneuerbarer Energiequellen wie Sonnen-, Wind- oder Wasserkraft. Diese L\u00f6sungen reduzieren die Treibhausgasemissionen und f\u00f6rdern gleichzeitig eine umweltfreundlichere Energieproduktion.<\/p>\n<\/div>\n\t\t<\/div><\/div><\/div><div id=\"pgc-274-0-1\"  class=\"panel-grid-cell panel-grid-cell-empty\" ><\/div><\/div><\/div><div id=\"pg-274-1\"  class=\"panel-grid panel-has-style\" ><div class=\"block2 siteorigin-panels-stretch panel-row-style panel-row-style-for-274-1\" data-stretch-type=\"full\" ><div id=\"pgc-274-1-0\"  class=\"panel-grid-cell\" ><div class=\"panel-cell-style panel-cell-style-for-274-1-0\" ><div id=\"panel-274-1-0-0\" class=\"so-panel widget widget_espace panel-first-child panel-last-child\" data-index=\"3\" ><div class=\"remove-margin-bottom panel-widget-style panel-widget-style-for-274-1-0-0\" ><div\n\t\t\t\n\t\t\tclass=\"so-widget-espace so-widget-espace-espace-style-d75171398898-274\"\n\t\t\t\n\t\t><div class=\"space\" style=\"height: px\">\n<\/div><\/div><\/div><\/div><\/div><\/div><div id=\"pgc-274-1-1\"  class=\"panel-grid-cell\" ><div class=\"panel-cell-style panel-cell-style-for-274-1-1\" ><div id=\"panel-274-1-1-0\" class=\"so-panel widget widget_sow-image panel-first-child\" data-index=\"4\" ><div class=\"remove-margin-bottom panel-widget-style panel-widget-style-for-274-1-1-0\" ><div\n\t\t\t\n\t\t\tclass=\"so-widget-sow-image so-widget-sow-image-default-8b5b6f678277-274\"\n\t\t\t\n\t\t>\n<div class=\"sow-image-container\">\n\t\t<img \n\tsrc=\"https:\/\/www.neueenergieschweiz.ch\/wp-content\/uploads\/2023\/06\/accent-1.png\" width=\"93\" height=\"363\" srcset=\"https:\/\/www.neueenergieschweiz.ch\/wp-content\/uploads\/2023\/06\/accent-1.png 93w, https:\/\/www.neueenergieschweiz.ch\/wp-content\/uploads\/2023\/06\/accent-1-77x300.png 77w\" sizes=\"(max-width: 93px) 100vw, 93px\" alt=\"\" \t\tclass=\"so-widget-image\"\/>\n\t<\/div>\n\n<\/div><\/div><\/div><div id=\"panel-274-1-1-1\" class=\"so-panel widget widget_sow-headline\" data-index=\"5\" ><div class=\"remove-margin-bottom panel-widget-style panel-widget-style-for-274-1-1-1\" ><div\n\t\t\t\n\t\t\tclass=\"so-widget-sow-headline so-widget-sow-headline-default-962b565339c6-274\"\n\t\t\t\n\t\t><div class=\"sow-headline-container \">\n\t\t\t\t\t\t\t<p class=\"sow-headline\">\n\t\t\t\t\t\tNachhaltige Stromerzeugung\t\t\t\t\t\t<\/p>\n\t\t\t\t\t\t<\/div>\n<\/div><\/div><\/div><div id=\"panel-274-1-1-2\" class=\"so-panel widget widget_sow-headline\" data-index=\"6\" ><div\n\t\t\t\n\t\t\tclass=\"so-widget-sow-headline so-widget-sow-headline-default-416668884dfc-274\"\n\t\t\t\n\t\t><div class=\"sow-headline-container \">\n\t\t\t\t\t\t\t<h2 class=\"sow-headline\">\n\t\t\t\t\t\tWindenergie: Nutzung der Windkraft\t\t\t\t\t\t<\/h2>\n\t\t\t\t\t\t<\/div>\n<\/div><\/div><div id=\"panel-274-1-1-3\" class=\"so-panel widget widget_text panel-last-child\" data-index=\"7\" ><div class=\"panel-widget-style panel-widget-style-for-274-1-1-3\" >\t\t\t<div class=\"textwidget\"><p>Die Windenergie nutzt die Kraft des Windes, um Strom zu erzeugen. Onshore- oder Offshore-Windkraftanlagen nehmen mit ihren rotierenden Fl\u00fcgeln die kinetische Energie des Windes auf und treiben damit einen Stromgenerator an.<br \/>\nWindparks erm\u00f6glichen die Erzeugung von gr\u00fcnem Strom in grossem Massstab. Die Entwicklung von Offshore-Windkraftanlagen er\u00f6ffnet neue M\u00f6glichkeiten mit konstanteren und st\u00e4rkeren Winden. Die Speicherung von intermittierender Energie bleibt eine technische Herausforderung, die es zu bew\u00e4ltigen gilt.<\/p>\n<\/div>\n\t\t<\/div><\/div><\/div><\/div><\/div><\/div><div id=\"pg-274-2\"  class=\"panel-grid panel-has-style\" ><div class=\"siteorigin-panels-stretch panel-row-style panel-row-style-for-274-2\" data-stretch-type=\"full\" ><div id=\"pgc-274-2-0\"  class=\"panel-grid-cell\" ><div class=\"panel-cell-style panel-cell-style-for-274-2-0\" ><div id=\"panel-274-2-0-0\" class=\"so-panel widget widget_sow-headline panel-first-child\" data-index=\"8\" ><div class=\"remove-margin-bottom panel-widget-style panel-widget-style-for-274-2-0-0\" ><div\n\t\t\t\n\t\t\tclass=\"so-widget-sow-headline so-widget-sow-headline-default-962b565339c6-274\"\n\t\t\t\n\t\t><div class=\"sow-headline-container \">\n\t\t\t\t\t\t\t<p class=\"sow-headline\">\n\t\t\t\t\t\tHeizung, Biokraftstoffe und Strom <span class=\"dot\">.<\/span>\t\t\t\t\t\t<\/p>\n\t\t\t\t\t\t<\/div>\n<\/div><\/div><\/div><div id=\"panel-274-2-0-1\" class=\"so-panel widget widget_sow-headline\" data-index=\"9\" ><div\n\t\t\t\n\t\t\tclass=\"so-widget-sow-headline so-widget-sow-headline-default-695aee60e26c-274\"\n\t\t\t\n\t\t><div class=\"sow-headline-container \">\n\t\t\t\t\t\t\t<h2 class=\"sow-headline\">\n\t\t\t\t\t\tBiomasse: eine glaubw\u00fcrdige Alternative zu fossilen Brennstoffen\t\t\t\t\t\t<\/h2>\n\t\t\t\t\t\t<\/div>\n<\/div><\/div><div id=\"panel-274-2-0-2\" class=\"so-panel widget widget_text panel-last-child\" data-index=\"10\" >\t\t\t<div class=\"textwidget\"><p>Biomasse, die aus organischen Stoffen wie Holz, landwirtschaftlichen Abf\u00e4llen oder Speiseresten gewonnen wird, spielt eine Schl\u00fcsselrolle bei der Energiewende, da sie verschiedene L\u00f6sungen zur Deckung des Energiebedarfs bietet. Es wird f\u00fcr die Produktion von W\u00e4rme, Biokraftstoffen und Strom verwendet.<br \/>\nBiokraftstoffe wie Bioethanol und Biodiesel werden aus Biomasse gewonnen und f\u00fcr den Antrieb von Motoren verwendet, was zur Reduzierung der Treibhausgasemissionen beitr\u00e4gt. Schliesslich kann Biomasse in W\u00e4rmekraftwerken oder durch Vergasungs- und Methanisierungsprozesse in Elektrizit\u00e4t umgewandelt werden, was sie zu einer erneuerbaren Alternative zu herk\u00f6mmlichen Energiequellen macht.<\/p>\n<\/div>\n\t\t<\/div><\/div><\/div><div id=\"pgc-274-2-1\"  class=\"panel-grid-cell\" ><div class=\"panel-cell-style panel-cell-style-for-274-2-1\" ><div id=\"panel-274-2-1-0\" class=\"so-panel widget widget_espace panel-first-child\" data-index=\"11\" ><div class=\"remove-margin-bottom panel-widget-style panel-widget-style-for-274-2-1-0\" ><div\n\t\t\t\n\t\t\tclass=\"so-widget-espace so-widget-espace-espace-style-d75171398898-274\"\n\t\t\t\n\t\t><div class=\"space\" style=\"height: px\">\n<\/div><\/div><\/div><\/div><div id=\"panel-274-2-1-1\" class=\"so-panel widget widget_sow-image panel-last-child\" data-index=\"12\" ><div class=\"remove-margin-bottom panel-widget-style panel-widget-style-for-274-2-1-1\" ><div\n\t\t\t\n\t\t\tclass=\"so-widget-sow-image so-widget-sow-image-default-8b5b6f678277-274\"\n\t\t\t\n\t\t>\n<div class=\"sow-image-container\">\n\t\t<img \n\tsrc=\"https:\/\/www.neueenergieschweiz.ch\/wp-content\/uploads\/2025\/03\/icone-1.svg\" title=\"icone\" alt=\"\" \t\tclass=\"so-widget-image\"\/>\n\t<\/div>\n\n<\/div><\/div><\/div><\/div><\/div><\/div><\/div><div id=\"pg-274-3\"  class=\"panel-grid panel-has-style\" ><div class=\"siteorigin-panels-stretch panel-row-style panel-row-style-for-274-3\" data-stretch-type=\"full\" ><div id=\"pgc-274-3-0\"  class=\"panel-grid-cell\" ><div id=\"panel-274-3-0-0\" class=\"so-panel widget widget_sow-headline panel-first-child\" data-index=\"13\" ><div class=\"remove-margin-bottom panel-widget-style panel-widget-style-for-274-3-0-0\" ><div\n\t\t\t\n\t\t\tclass=\"so-widget-sow-headline so-widget-sow-headline-default-d050a8052e1e-274\"\n\t\t\t\n\t\t><div class=\"sow-headline-container \">\n\t\t\t\t\t\t\t<p class=\"sow-headline\">\n\t\t\t\t\t\tNat\u00fcrliche Ressourcen <span class=\"dot\">.<\/span>\t\t\t\t\t\t<\/p>\n\t\t\t\t\t\t<\/div>\n<\/div><\/div><\/div><div id=\"panel-274-3-0-1\" class=\"so-panel widget widget_sow-headline\" data-index=\"14\" ><div\n\t\t\t\n\t\t\tclass=\"so-widget-sow-headline so-widget-sow-headline-default-b15a2cfc5d45-274\"\n\t\t\t\n\t\t><div class=\"sow-headline-container \">\n\t\t\t\t\t\t\t<h2 class=\"sow-headline\">\n\t\t\t\t\t\tWasserkraft und geothermische Energie\t\t\t\t\t\t<\/h2>\n\t\t\t\t\t\t<\/div>\n<\/div><\/div><div id=\"panel-274-3-0-2\" class=\"so-panel widget widget_text\" data-index=\"15\" ><div class=\"panel-widget-style panel-widget-style-for-274-3-0-2\" >\t\t\t<div class=\"textwidget\"><p style=\"text-align: center;\">Wasserkraft nutzt die Kraft des Wassers zur Erzeugung von Elektrizit\u00e4t, sei es durch Staud\u00e4mme, Laufwasserkraftwerke oder Gezeitensysteme. Die Geothermie nutzt die W\u00e4rme des Erdbodens.<\/p>\n<\/div>\n\t\t<\/div><\/div><div id=\"panel-274-3-0-3\" class=\"so-panel widget widget_siteorigin-panels-builder panel-last-child\" data-index=\"16\" ><div id=\"pl-w67daa75457233\"  class=\"panel-layout\" ><div id=\"pg-w67daa75457233-0\"  class=\"panel-grid panel-no-style\" ><div id=\"pgc-w67daa75457233-0-0\"  class=\"panel-grid-cell\" ><div class=\"panel-cell-style panel-cell-style-for-w67daa75457233-0-0\" ><div id=\"panel-w67daa75457233-0-0-0\" class=\"so-panel widget widget_sow-image panel-first-child\" data-index=\"0\" ><div class=\"panel-widget-style panel-widget-style-for-w67daa75457233-0-0-0\" ><div\n\t\t\t\n\t\t\tclass=\"so-widget-sow-image so-widget-sow-image-default-8b5b6f678277\"\n\t\t\t\n\t\t>\n<div class=\"sow-image-container\">\n\t\t<img \n\tsrc=\"https:\/\/www.neueenergieschweiz.ch\/wp-content\/uploads\/2025\/03\/Barrages-hydroelectriques.webp\" width=\"400\" height=\"250\" srcset=\"https:\/\/www.neueenergieschweiz.ch\/wp-content\/uploads\/2025\/03\/Barrages-hydroelectriques.webp 400w, https:\/\/www.neueenergieschweiz.ch\/wp-content\/uploads\/2025\/03\/Barrages-hydroelectriques-300x188.webp 300w\" sizes=\"(max-width: 400px) 100vw, 400px\" title=\"Barrages hydroelectriques\" alt=\"Barrages hydro\u00e9lectriques\" \t\tclass=\"so-widget-image\"\/>\n\t<\/div>\n\n<\/div><\/div><\/div><div id=\"panel-w67daa75457233-0-0-1\" class=\"so-panel widget widget_sow-headline panel-last-child\" data-index=\"1\" ><div class=\"panel-widget-style panel-widget-style-for-w67daa75457233-0-0-1\" ><div\n\t\t\t\n\t\t\tclass=\"so-widget-sow-headline so-widget-sow-headline-default-4d131f7580ca\"\n\t\t\t\n\t\t><div class=\"sow-headline-container \">\n\t\t\t\t\t\t\t<h3 class=\"sow-headline\">\n\t\t\t\t\t\tW\u00e4rmed\u00e4mmung: Geb\u00e4udeh\u00fclle\t\t\t\t\t\t<\/h3>\n\t\t\t\t\t\t\t\t\t\t\t\t<p class=\"sow-sub-headline\">\n\t\t\t\t\t\tReduzierung von Energieverlusten\t\t\t\t\t\t<\/p>\n\t\t\t\t\t\t<\/div>\n<\/div><\/div><\/div><\/div><\/div><div id=\"pgc-w67daa75457233-0-1\"  class=\"panel-grid-cell\" ><div class=\"panel-cell-style panel-cell-style-for-w67daa75457233-0-1\" ><div id=\"panel-w67daa75457233-0-1-0\" class=\"so-panel widget widget_sow-image panel-first-child\" data-index=\"2\" ><div class=\"panel-widget-style panel-widget-style-for-w67daa75457233-0-1-0\" ><div\n\t\t\t\n\t\t\tclass=\"so-widget-sow-image so-widget-sow-image-default-8b5b6f678277\"\n\t\t\t\n\t\t>\n<div class=\"sow-image-container\">\n\t\t<img \n\tsrc=\"https:\/\/www.neueenergieschweiz.ch\/wp-content\/uploads\/2025\/03\/geothermie-profonde.webp\" width=\"400\" height=\"250\" srcset=\"https:\/\/www.neueenergieschweiz.ch\/wp-content\/uploads\/2025\/03\/geothermie-profonde.webp 400w, https:\/\/www.neueenergieschweiz.ch\/wp-content\/uploads\/2025\/03\/geothermie-profonde-300x188.webp 300w\" sizes=\"(max-width: 400px) 100vw, 400px\" title=\"geothermie profonde\" alt=\"G\u00e9othermie profonde\" \t\tclass=\"so-widget-image\"\/>\n\t<\/div>\n\n<\/div><\/div><\/div><div id=\"panel-w67daa75457233-0-1-1\" class=\"so-panel widget widget_sow-headline panel-last-child\" data-index=\"3\" ><div class=\"panel-widget-style panel-widget-style-for-w67daa75457233-0-1-1\" ><div\n\t\t\t\n\t\t\tclass=\"so-widget-sow-headline so-widget-sow-headline-default-4d131f7580ca\"\n\t\t\t\n\t\t><div class=\"sow-headline-container \">\n\t\t\t\t\t\t\t<h3 class=\"sow-headline\">\n\t\t\t\t\t\tGeb\u00e4udemanagement: intelligente Steuerung\t\t\t\t\t\t<\/h3>\n\t\t\t\t\t\t\t\t\t\t\t\t<p class=\"sow-sub-headline\">\n\t\t\t\t\t\tOptimierung des Energieverbrauchs\t\t\t\t\t\t<\/p>\n\t\t\t\t\t\t<\/div>\n<\/div><\/div><\/div><\/div><\/div><div id=\"pgc-w67daa75457233-0-2\"  class=\"panel-grid-cell\" ><div class=\"panel-cell-style panel-cell-style-for-w67daa75457233-0-2\" ><div id=\"panel-w67daa75457233-0-2-0\" class=\"so-panel widget widget_sow-image panel-first-child\" data-index=\"4\" ><div class=\"panel-widget-style panel-widget-style-for-w67daa75457233-0-2-0\" ><div\n\t\t\t\n\t\t\tclass=\"so-widget-sow-image so-widget-sow-image-default-8b5b6f678277\"\n\t\t\t\n\t\t>\n<div class=\"sow-image-container\">\n\t\t<img \n\tsrc=\"https:\/\/www.neueenergieschweiz.ch\/wp-content\/uploads\/2025\/03\/Hydroliennes.webp\" width=\"400\" height=\"250\" srcset=\"https:\/\/www.neueenergieschweiz.ch\/wp-content\/uploads\/2025\/03\/Hydroliennes.webp 400w, https:\/\/www.neueenergieschweiz.ch\/wp-content\/uploads\/2025\/03\/Hydroliennes-300x188.webp 300w\" sizes=\"(max-width: 400px) 100vw, 400px\" alt=\"Hydroliennes\" \t\tclass=\"so-widget-image\"\/>\n\t<\/div>\n\n<\/div><\/div><\/div><div id=\"panel-w67daa75457233-0-2-1\" class=\"so-panel widget widget_sow-headline panel-last-child\" data-index=\"5\" ><div class=\"panel-widget-style panel-widget-style-for-w67daa75457233-0-2-1\" ><div\n\t\t\t\n\t\t\tclass=\"so-widget-sow-headline so-widget-sow-headline-default-4d131f7580ca\"\n\t\t\t\n\t\t><div class=\"sow-headline-container \">\n\t\t\t\t\t\t\t<h3 class=\"sow-headline\">\n\t\t\t\t\t\tWasserkraftwerke: Meeres- und Flussstr\u00f6mungen\t\t\t\t\t\t<\/h3>\n\t\t\t\t\t\t\t\t\t\t\t\t<p class=\"sow-sub-headline\">\n\t\t\t\t\t\tUnterwasserturbinen f\u00fcr Meeresenergie\t\t\t\t\t\t<\/p>\n\t\t\t\t\t\t<\/div>\n<\/div><\/div><\/div><\/div><\/div><\/div><\/div><\/div><\/div><\/div><\/div><div id=\"pg-274-4\"  class=\"panel-grid panel-has-style\" ><div class=\"siteorigin-panels-stretch panel-row-style panel-row-style-for-274-4\" data-stretch-type=\"full\" ><div id=\"pgc-274-4-0\"  class=\"panel-grid-cell\" ><div id=\"panel-274-4-0-0\" class=\"so-panel widget widget_siteorigin-panels-builder panel-first-child panel-last-child\" data-index=\"17\" ><div id=\"pl-w67daa75458e2d\"  class=\"panel-layout\" ><div id=\"pg-w67daa75458e2d-0\"  class=\"panel-grid panel-no-style\" ><div id=\"pgc-w67daa75458e2d-0-0\"  class=\"panel-grid-cell\" ><div id=\"panel-w67daa75458e2d-0-0-0\" class=\"so-panel widget widget_sow-headline panel-first-child\" data-index=\"0\" ><div class=\"title-b4 remove-margin-bottom panel-widget-style panel-widget-style-for-w67daa75458e2d-0-0-0\" ><div\n\t\t\t\n\t\t\tclass=\"so-widget-sow-headline so-widget-sow-headline-default-ac8e4e2f0748\"\n\t\t\t\n\t\t><div class=\"sow-headline-container \">\n\t\t\t\t\t\t\t<h3 class=\"sow-headline\">\n\t\t\t\t\t\tPhotovoltaische Paneele\t\t\t\t\t\t<\/h3>\n\t\t\t\t\t\t<\/div>\n<\/div><\/div><\/div><div id=\"panel-w67daa75458e2d-0-0-1\" class=\"so-panel widget widget_text panel-last-child\" data-index=\"1\" ><div class=\"panel-widget-style panel-widget-style-for-w67daa75458e2d-0-0-1\" >\t\t\t<div class=\"textwidget\"><p>Technologie zur Umwandlung von Sonnenlicht in Elektrizit\u00e4t.<\/p>\n<\/div>\n\t\t<\/div><\/div><\/div><div id=\"pgc-w67daa75458e2d-0-1\"  class=\"panel-grid-cell\" ><div id=\"panel-w67daa75458e2d-0-1-0\" class=\"so-panel widget widget_sow-headline panel-first-child\" data-index=\"2\" ><div class=\"title-b4 remove-margin-bottom panel-widget-style panel-widget-style-for-w67daa75458e2d-0-1-0\" ><div\n\t\t\t\n\t\t\tclass=\"so-widget-sow-headline so-widget-sow-headline-default-ac8e4e2f0748\"\n\t\t\t\n\t\t><div class=\"sow-headline-container \">\n\t\t\t\t\t\t\t<h3 class=\"sow-headline\">\n\t\t\t\t\t\tEigenverbrauch von Energie\t\t\t\t\t\t<\/h3>\n\t\t\t\t\t\t<\/div>\n<\/div><\/div><\/div><div id=\"panel-w67daa75458e2d-0-1-1\" class=\"so-panel widget widget_text panel-last-child\" data-index=\"3\" ><div class=\"panel-widget-style panel-widget-style-for-w67daa75458e2d-0-1-1\" >\t\t\t<div class=\"textwidget\"><p>Direkte Nutzung der erzeugten Solarenergie, um die Abh\u00e4ngigkeit vom Stromnetz zu verringern.<\/p>\n<\/div>\n\t\t<\/div><\/div><\/div><div id=\"pgc-w67daa75458e2d-0-2\"  class=\"panel-grid-cell\" ><div id=\"panel-w67daa75458e2d-0-2-0\" class=\"so-panel widget widget_sow-headline panel-first-child\" data-index=\"4\" ><div class=\"title-b4 remove-margin-bottom panel-widget-style panel-widget-style-for-w67daa75458e2d-0-2-0\" ><div\n\t\t\t\n\t\t\tclass=\"so-widget-sow-headline so-widget-sow-headline-default-ac8e4e2f0748\"\n\t\t\t\n\t\t><div class=\"sow-headline-container \">\n\t\t\t\t\t\t\t<h3 class=\"sow-headline\">\n\t\t\t\t\t\tSpeicherung von Solarenergie\t\t\t\t\t\t<\/h3>\n\t\t\t\t\t\t<\/div>\n<\/div><\/div><\/div><div id=\"panel-w67daa75458e2d-0-2-1\" class=\"so-panel widget widget_text panel-last-child\" data-index=\"5\" ><div class=\"panel-widget-style panel-widget-style-for-w67daa75458e2d-0-2-1\" >\t\t\t<div class=\"textwidget\"><p>Batterien, die den erzeugten Strom f\u00fcr eine sp\u00e4tere Nutzung speichern.<\/p>\n<\/div>\n\t\t<\/div><\/div><\/div><div id=\"pgc-w67daa75458e2d-0-3\"  class=\"panel-grid-cell\" ><div id=\"panel-w67daa75458e2d-0-3-0\" class=\"so-panel widget widget_sow-headline panel-first-child\" data-index=\"6\" ><div class=\"title-b4 remove-margin-bottom panel-widget-style panel-widget-style-for-w67daa75458e2d-0-3-0\" ><div\n\t\t\t\n\t\t\tclass=\"so-widget-sow-headline so-widget-sow-headline-default-ac8e4e2f0748\"\n\t\t\t\n\t\t><div class=\"sow-headline-container \">\n\t\t\t\t\t\t\t<h3 class=\"sow-headline\">\n\t\t\t\t\t\tSolare <br \/>Infrastruktur\t\t\t\t\t\t<\/h3>\n\t\t\t\t\t\t<\/div>\n<\/div><\/div><\/div><div id=\"panel-w67daa75458e2d-0-3-1\" class=\"so-panel widget widget_text panel-last-child\" data-index=\"7\" ><div class=\"panel-widget-style panel-widget-style-for-w67daa75458e2d-0-3-1\" >\t\t\t<div class=\"textwidget\"><p>Entwicklung von Solarkraftwerken und Anlagen f\u00fcr die Produktion in grossem Massstab.<\/p>\n<\/div>\n\t\t<\/div><\/div><\/div><\/div><\/div><\/div><\/div><\/div><\/div><div id=\"pg-274-5\"  class=\"panel-grid panel-has-style\" ><div class=\"siteorigin-panels-stretch panel-row-style panel-row-style-for-274-5\" data-stretch-type=\"full\" ><div id=\"pgc-274-5-0\"  class=\"panel-grid-cell panel-grid-cell-empty\" ><\/div><div id=\"pgc-274-5-1\"  class=\"panel-grid-cell\" ><div id=\"panel-274-5-1-0\" class=\"so-panel widget widget_sow-headline panel-first-child\" data-index=\"18\" ><div class=\"remove-margin-bottom panel-widget-style panel-widget-style-for-274-5-1-0\" ><div\n\t\t\t\n\t\t\tclass=\"so-widget-sow-headline so-widget-sow-headline-default-962b565339c6-274\"\n\t\t\t\n\t\t><div class=\"sow-headline-container \">\n\t\t\t\t\t\t\t<p class=\"sow-headline\">\n\t\t\t\t\t\tNachhaltige Mobilit\u00e4t <span class=\"dot\">.<\/span>\t\t\t\t\t\t<\/p>\n\t\t\t\t\t\t<\/div>\n<\/div><\/div><\/div><div id=\"panel-274-5-1-1\" class=\"so-panel widget widget_sow-headline\" data-index=\"19\" ><div\n\t\t\t\n\t\t\tclass=\"so-widget-sow-headline so-widget-sow-headline-default-416668884dfc-274\"\n\t\t\t\n\t\t><div class=\"sow-headline-container \">\n\t\t\t\t\t\t\t<h2 class=\"sow-headline\">\n\t\t\t\t\t\tTransport und saubere Energie\t\t\t\t\t\t<\/h2>\n\t\t\t\t\t\t<\/div>\n<\/div><\/div><div id=\"panel-274-5-1-2\" class=\"so-panel widget widget_text panel-last-child\" data-index=\"20\" ><div class=\"panel-widget-style panel-widget-style-for-274-5-1-2\" >\t\t\t<div class=\"textwidget\"><p>Die Energiewende betrifft auch den Verkehrssektor, der f\u00fcr einen grossen Teil der Treibhausgasemissionen verantwortlich ist. Neue nachhaltige Mobilit\u00e4tsl\u00f6sungen entstehen, um die Auswirkungen von Reisen auf die Umwelt zu reduzieren.<br \/>\nElektrofahrzeuge entwickeln sich schnell und bieten eine direkte emissionsfreie Alternative. Alternative Kraftstoffe wie Wasserstoff oder fortschrittliche Biokraftstoffe werden ebenfalls untersucht. Gleichzeitig werden in den St\u00e4dten immer mehr sanfte und gemeinsame Verkehrsmittel eingesetzt.<\/p>\n<\/div>\n\t\t<\/div><\/div><\/div><\/div><\/div><div id=\"pg-274-6\"  class=\"panel-grid panel-has-style\" ><div class=\"panel-row-style panel-row-style-for-274-6\" ><div id=\"pgc-274-6-0\"  class=\"panel-grid-cell\" ><div id=\"panel-274-6-0-0\" class=\"so-panel widget widget_sow-headline panel-first-child\" data-index=\"21\" ><div class=\"remove-margin-bottom panel-widget-style panel-widget-style-for-274-6-0-0\" ><div\n\t\t\t\n\t\t\tclass=\"so-widget-sow-headline so-widget-sow-headline-default-962b565339c6-274\"\n\t\t\t\n\t\t><div class=\"sow-headline-container \">\n\t\t\t\t\t\t\t<p class=\"sow-headline\">\n\t\t\t\t\t\tEnergieeinsparung<span class=\"dot\">.<\/span>\t\t\t\t\t\t<\/p>\n\t\t\t\t\t\t<\/div>\n<\/div><\/div><\/div><div id=\"panel-274-6-0-1\" class=\"so-panel widget widget_sow-headline\" data-index=\"22\" ><div\n\t\t\t\n\t\t\tclass=\"so-widget-sow-headline so-widget-sow-headline-default-695aee60e26c-274\"\n\t\t\t\n\t\t><div class=\"sow-headline-container \">\n\t\t\t\t\t\t\t<h2 class=\"sow-headline\">\n\t\t\t\t\t\tEnergieeffizienz: Optimierung des Verbrauchs\t\t\t\t\t\t<\/h2>\n\t\t\t\t\t\t<\/div>\n<\/div><\/div><div id=\"panel-274-6-0-2\" class=\"so-panel widget widget_text panel-last-child\" data-index=\"23\" >\t\t\t<div class=\"textwidget\"><p>Energieeffizienz zielt darauf ab, den Energieverbrauch zu reduzieren, w\u00e4hrend das gleiche Serviceniveau beibehalten wird. Sie betrifft alle Sektoren: Geb\u00e4ude, Industrie, Transport. Technische L\u00f6sungen k\u00f6nnen die Energienutzung optimieren.<br \/>\nIm Geb\u00e4udebereich senken eine gute W\u00e4rmed\u00e4mmung und intelligente Managementsysteme den Energiebedarf. Die Industrie setzt auf W\u00e4rmer\u00fcckgewinnung und Prozessoptimierung. F\u00fcr Haushaltsger\u00e4te gelten immer h\u00f6here Effizienzstandards.<\/p>\n<\/div>\n\t\t<\/div><\/div><div id=\"pgc-274-6-1\"  class=\"panel-grid-cell\" ><div class=\"panel-cell-style panel-cell-style-for-274-6-1\" ><div id=\"panel-274-6-1-0\" class=\"so-panel widget widget_sow-image panel-first-child\" data-index=\"24\" ><div\n\t\t\t\n\t\t\tclass=\"so-widget-sow-image so-widget-sow-image-default-8b5b6f678277-274\"\n\t\t\t\n\t\t>\n<div class=\"sow-image-container\">\n\t\t<img \n\tsrc=\"https:\/\/www.neueenergieschweiz.ch\/wp-content\/uploads\/2025\/03\/efficacite-energetique.webp\" width=\"600\" height=\"580\" srcset=\"https:\/\/www.neueenergieschweiz.ch\/wp-content\/uploads\/2025\/03\/efficacite-energetique.webp 600w, https:\/\/www.neueenergieschweiz.ch\/wp-content\/uploads\/2025\/03\/efficacite-energetique-300x290.webp 300w\" sizes=\"(max-width: 600px) 100vw, 600px\" title=\"efficacite energetique\" alt=\"Efficacit\u00e9 \u00e9nerg\u00e9tique\" \t\tclass=\"so-widget-image\"\/>\n\t<\/div>\n\n<\/div><\/div><div id=\"panel-274-6-1-1\" class=\"so-panel widget widget_sow-image panel-last-child\" data-index=\"25\" ><div class=\"remove-margin-bottom panel-widget-style panel-widget-style-for-274-6-1-1\" ><div\n\t\t\t\n\t\t\tclass=\"so-widget-sow-image so-widget-sow-image-default-8b5b6f678277-274\"\n\t\t\t\n\t\t>\n<div class=\"sow-image-container\">\n\t\t<img \n\tsrc=\"https:\/\/www.neueenergieschweiz.ch\/wp-content\/uploads\/2025\/03\/icone-1.svg\" title=\"icone\" alt=\"\" \t\tclass=\"so-widget-image\"\/>\n\t<\/div>\n\n<\/div><\/div><\/div><\/div><\/div><\/div><\/div><div id=\"pg-274-7\"  class=\"panel-grid panel-has-style\" ><div class=\"panel-row-style panel-row-style-for-274-7\" ><div id=\"pgc-274-7-0\"  class=\"panel-grid-cell\" ><div id=\"panel-274-7-0-0\" class=\"so-panel widget widget_siteorigin-panels-builder panel-first-child panel-last-child\" data-index=\"26\" ><div id=\"pl-w67daa7545ee6c\"  class=\"panel-layout\" ><div id=\"pg-w67daa7545ee6c-0\"  class=\"panel-grid panel-no-style\" ><div id=\"pgc-w67daa7545ee6c-0-0\"  class=\"panel-grid-cell\" ><div class=\"panel-cell-style panel-cell-style-for-w67daa7545ee6c-0-0\" ><div id=\"panel-w67daa7545ee6c-0-0-0\" class=\"so-panel widget widget_sow-image panel-first-child\" data-index=\"0\" ><div class=\"remove-margin-bottom panel-widget-style panel-widget-style-for-w67daa7545ee6c-0-0-0\" ><div\n\t\t\t\n\t\t\tclass=\"so-widget-sow-image so-widget-sow-image-default-8b5b6f678277\"\n\t\t\t\n\t\t>\n<div class=\"sow-image-container\">\n\t\t<img \n\tsrc=\"https:\/\/www.neueenergieschweiz.ch\/wp-content\/uploads\/2025\/03\/Isolation-thermique.webp\" width=\"500\" height=\"340\" srcset=\"https:\/\/www.neueenergieschweiz.ch\/wp-content\/uploads\/2025\/03\/Isolation-thermique.webp 500w, https:\/\/www.neueenergieschweiz.ch\/wp-content\/uploads\/2025\/03\/Isolation-thermique-300x204.webp 300w\" sizes=\"(max-width: 500px) 100vw, 500px\" title=\"Isolation thermique\" alt=\"Isolation thermique\" \t\tclass=\"so-widget-image\"\/>\n\t<\/div>\n\n<\/div><\/div><\/div><div id=\"panel-w67daa7545ee6c-0-0-1\" class=\"so-panel widget widget_sow-headline panel-last-child\" data-index=\"1\" ><div class=\"panel-widget-style panel-widget-style-for-w67daa7545ee6c-0-0-1\" ><div\n\t\t\t\n\t\t\tclass=\"so-widget-sow-headline so-widget-sow-headline-default-4d131f7580ca\"\n\t\t\t\n\t\t><div class=\"sow-headline-container \">\n\t\t\t\t\t\t\t<h3 class=\"sow-headline\">\n\t\t\t\t\t\tW\u00e4rmed\u00e4mmung: Geb\u00e4udeh\u00fclle\t\t\t\t\t\t<\/h3>\n\t\t\t\t\t\t\t\t\t\t\t\t<p class=\"sow-sub-headline\">\n\t\t\t\t\t\tReduzierung von Energieverlusten\t\t\t\t\t\t<\/p>\n\t\t\t\t\t\t<\/div>\n<\/div><\/div><\/div><\/div><\/div><div id=\"pgc-w67daa7545ee6c-0-1\"  class=\"panel-grid-cell\" ><div class=\"panel-cell-style panel-cell-style-for-w67daa7545ee6c-0-1\" ><div id=\"panel-w67daa7545ee6c-0-1-0\" class=\"so-panel widget widget_sow-image panel-first-child\" data-index=\"2\" ><div class=\"remove-margin-bottom panel-widget-style panel-widget-style-for-w67daa7545ee6c-0-1-0\" ><div\n\t\t\t\n\t\t\tclass=\"so-widget-sow-image so-widget-sow-image-default-8b5b6f678277\"\n\t\t\t\n\t\t>\n<div class=\"sow-image-container\">\n\t\t<img \n\tsrc=\"https:\/\/www.neueenergieschweiz.ch\/wp-content\/uploads\/2025\/03\/Gestion-technique-du-batiment.webp\" width=\"500\" height=\"340\" srcset=\"https:\/\/www.neueenergieschweiz.ch\/wp-content\/uploads\/2025\/03\/Gestion-technique-du-batiment.webp 500w, https:\/\/www.neueenergieschweiz.ch\/wp-content\/uploads\/2025\/03\/Gestion-technique-du-batiment-300x204.webp 300w\" sizes=\"(max-width: 500px) 100vw, 500px\" title=\"Gestion technique du batiment\" alt=\"Gestion technique du b\u00e2timent\" \t\tclass=\"so-widget-image\"\/>\n\t<\/div>\n\n<\/div><\/div><\/div><div id=\"panel-w67daa7545ee6c-0-1-1\" class=\"so-panel widget widget_sow-headline panel-last-child\" data-index=\"3\" ><div class=\"panel-widget-style panel-widget-style-for-w67daa7545ee6c-0-1-1\" ><div\n\t\t\t\n\t\t\tclass=\"so-widget-sow-headline so-widget-sow-headline-default-4d131f7580ca\"\n\t\t\t\n\t\t><div class=\"sow-headline-container \">\n\t\t\t\t\t\t\t<h3 class=\"sow-headline\">\n\t\t\t\t\t\tGeb\u00e4udemanagement: intelligente Steuerung\t\t\t\t\t\t<\/h3>\n\t\t\t\t\t\t\t\t\t\t\t\t<p class=\"sow-sub-headline\">\n\t\t\t\t\t\tOptimierung des Energieverbrauchs\t\t\t\t\t\t<\/p>\n\t\t\t\t\t\t<\/div>\n<\/div><\/div><\/div><\/div><\/div><\/div><\/div><\/div><\/div><\/div><\/div><div id=\"pg-274-8\"  class=\"panel-grid panel-has-style\" ><div class=\"block8 siteorigin-panels-stretch panel-row-style panel-row-style-for-274-8\" data-stretch-type=\"full\" ><div id=\"pgc-274-8-0\"  class=\"panel-grid-cell\" ><div class=\"panel-cell-style panel-cell-style-for-274-8-0\" ><div id=\"panel-274-8-0-0\" class=\"so-panel widget widget_espace panel-first-child\" data-index=\"27\" ><div class=\"remove-margin-bottom panel-widget-style panel-widget-style-for-274-8-0-0\" ><div\n\t\t\t\n\t\t\tclass=\"so-widget-espace so-widget-espace-espace-style-d75171398898-274\"\n\t\t\t\n\t\t><div class=\"space\" style=\"height: 150px\">\n<\/div><\/div><\/div><\/div><div id=\"panel-274-8-0-1\" class=\"so-panel widget widget_sow-image panel-last-child\" data-index=\"28\" ><div class=\"remove-margin-bottom panel-widget-style panel-widget-style-for-274-8-0-1\" ><div\n\t\t\t\n\t\t\tclass=\"so-widget-sow-image so-widget-sow-image-default-8b5b6f678277-274\"\n\t\t\t\n\t\t>\n<div class=\"sow-image-container\">\n\t\t<img \n\tsrc=\"https:\/\/www.neueenergieschweiz.ch\/wp-content\/uploads\/2025\/03\/icone-1.svg\" title=\"icone\" alt=\"\" \t\tclass=\"so-widget-image\"\/>\n\t<\/div>\n\n<\/div><\/div><\/div><\/div><\/div><div id=\"pgc-274-8-1\"  class=\"panel-grid-cell\" ><div class=\"panel-cell-style panel-cell-style-for-274-8-1\" ><div id=\"panel-274-8-1-0\" class=\"so-panel widget widget_sow-image panel-first-child\" data-index=\"29\" ><div class=\"remove-margin-bottom panel-widget-style panel-widget-style-for-274-8-1-0\" ><div\n\t\t\t\n\t\t\tclass=\"so-widget-sow-image so-widget-sow-image-default-8b5b6f678277-274\"\n\t\t\t\n\t\t>\n<div class=\"sow-image-container\">\n\t\t<img \n\tsrc=\"https:\/\/www.neueenergieschweiz.ch\/wp-content\/uploads\/2023\/06\/accent-1.png\" width=\"93\" height=\"363\" srcset=\"https:\/\/www.neueenergieschweiz.ch\/wp-content\/uploads\/2023\/06\/accent-1.png 93w, https:\/\/www.neueenergieschweiz.ch\/wp-content\/uploads\/2023\/06\/accent-1-77x300.png 77w\" sizes=\"(max-width: 93px) 100vw, 93px\" alt=\"\" \t\tclass=\"so-widget-image\"\/>\n\t<\/div>\n\n<\/div><\/div><\/div><div id=\"panel-274-8-1-1\" class=\"so-panel widget widget_sow-headline\" data-index=\"30\" ><div class=\"remove-margin-bottom panel-widget-style panel-widget-style-for-274-8-1-1\" ><div\n\t\t\t\n\t\t\tclass=\"so-widget-sow-headline so-widget-sow-headline-default-962b565339c6-274\"\n\t\t\t\n\t\t><div class=\"sow-headline-container \">\n\t\t\t\t\t\t\t<p class=\"sow-headline\">\n\t\t\t\t\t\tLeistungsstarke innovative Technologien <span class=\"dot\">.<\/span>\t\t\t\t\t\t<\/p>\n\t\t\t\t\t\t<\/div>\n<\/div><\/div><\/div><div id=\"panel-274-8-1-2\" class=\"so-panel widget widget_sow-headline\" data-index=\"31\" ><div\n\t\t\t\n\t\t\tclass=\"so-widget-sow-headline so-widget-sow-headline-default-416668884dfc-274\"\n\t\t\t\n\t\t><div class=\"sow-headline-container \">\n\t\t\t\t\t\t\t<h2 class=\"sow-headline\">\n\t\t\t\t\t\tEnergiespeicherung: Management der Intermittenz\t\t\t\t\t\t<\/h2>\n\t\t\t\t\t\t<\/div>\n<\/div><\/div><div id=\"panel-274-8-1-3\" class=\"so-panel widget widget_text panel-last-child\" data-index=\"32\" ><div class=\"panel-widget-style panel-widget-style-for-274-8-1-3\" >\t\t\t<div class=\"textwidget\"><p>Die Energiespeicherung ist eine wichtige Herausforderung f\u00fcr die Entwicklung von intermittierenden erneuerbaren Energien wie Solar- und Windenergie. Es gibt verschiedene Technologien zur Speicherung von Strom oder W\u00e4rme f\u00fcr eine zeitversetzte Nutzung. Elektrochemische Batterien machen st\u00e4ndig Fortschritte in Bezug auf Kapazit\u00e4t und Lebensdauer. Die Speicherung durch Druckluft oder durch Schwungr\u00e4der bietet interessante Alternativen. F\u00fcr W\u00e4rme werden Materialien mit Phasenwechsel oder intersaisonale Speicherung erforscht.<br \/>\nDie intelligente Steuerung von Stromnetzen in Verbindung mit Speicherung erm\u00f6glicht die Optimierung des Gleichgewichts zwischen Erzeugung und Verbrauch. Die Entwicklung von Vehicle-to-grid nutzt die Batterien von Elektrofahrzeugen als verteilte Speicherkapazit\u00e4t.<\/p>\n<\/div>\n\t\t<\/div><\/div><\/div><\/div><\/div><\/div><\/div>","protected":false},"excerpt":{"rendered":"<p>Die Energiewende beruht auf der Einf\u00fchrung erneuerbarer Energiequellen wie Sonnen-,&#8230;<\/p>\n","protected":false},"author":1,"featured_media":0,"parent":0,"menu_order":0,"comment_status":"closed","ping_status":"closed","template":"","meta":{"footnotes":""},"class_list":["post-274","page","type-page","status-publish","hentry"],"_links":{"self":[{"href":"https:\/\/www.neueenergieschweiz.ch\/de\/wp-json\/wp\/v2\/pages\/274","targetHints":{"allow":["GET"]}}],"collection":[{"href":"https:\/\/www.neueenergieschweiz.ch\/de\/wp-json\/wp\/v2\/pages"}],"about":[{"href":"https:\/\/www.neueenergieschweiz.ch\/de\/wp-json\/wp\/v2\/types\/page"}],"author":[{"embeddable":true,"href":"https:\/\/www.neueenergieschweiz.ch\/de\/wp-json\/wp\/v2\/users\/1"}],"replies":[{"embeddable":true,"href":"https:\/\/www.neueenergieschweiz.ch\/de\/wp-json\/wp\/v2\/comments?post=274"}],"version-history":[{"count":3,"href":"https:\/\/www.neueenergieschweiz.ch\/de\/wp-json\/wp\/v2\/pages\/274\/revisions"}],"predecessor-version":[{"id":493,"href":"https:\/\/www.neueenergieschweiz.ch\/de\/wp-json\/wp\/v2\/pages\/274\/revisions\/493"}],"wp:attachment":[{"href":"https:\/\/www.neueenergieschweiz.ch\/de\/wp-json\/wp\/v2\/media?parent=274"}],"curies":[{"name":"wp","href":"https:\/\/api.w.org\/{rel}","templated":true}]}}